{"id":483,"date":"2022-09-13T16:58:21","date_gmt":"2022-09-13T16:58:21","guid":{"rendered":"https:\/\/refugisiurana.cec.cat\/?page_id=483"},"modified":"2022-10-17T16:10:27","modified_gmt":"2022-10-17T16:10:27","slug":"cuina","status":"publish","type":"page","link":"https:\/\/refugisiurana.cec.cat\/en\/cuina\/","title":{"rendered":"Cuina"},"content":{"rendered":"<p>[et_pb_section fb_built=&#8221;1&#8243; custom_padding_last_edited=&#8221;on|phone&#8221; _builder_version=&#8221;4.18.0&#8243; _module_preset=&#8221;default&#8221; background_color=&#8221;#fcf9f1&#8243; custom_padding=&#8221;70px||0px||false|false&#8221; custom_padding_tablet=&#8221;0px||||false|false&#8221; custom_padding_phone=&#8221;0px||||false|false&#8221; background_color_phone=&#8221;#fbf6ea&#8221; background_last_edited=&#8221;on|phone&#8221; background_enable_color_phone=&#8221;on&#8221; global_colors_info=&#8221;{}&#8221;][et_pb_row custom_padding_last_edited=&#8221;on|tablet&#8221; _builder_version=&#8221;4.18.0&#8243; _module_preset=&#8221;default&#8221; width=&#8221;100%&#8221; max_width=&#8221;100%&#8221; custom_padding=&#8221;||20px||false|false&#8221; custom_padding_tablet=&#8221;||20px||false|false&#8221; custom_padding_phone=&#8221;||13px||false|false&#8221; global_colors_info=&#8221;{}&#8221;][et_pb_column type=&#8221;4_4&#8243; _builder_version=&#8221;4.18.0&#8243; _module_preset=&#8221;default&#8221; custom_padding=&#8221;|||125px|false|false&#8221; custom_padding_tablet=&#8221;|0px||0px|false|false&#8221; custom_padding_phone=&#8221;|0px|||false|false&#8221; custom_padding_last_edited=&#8221;on|desktop&#8221; global_colors_info=&#8221;{}&#8221;][et_pb_image src=&#8221;https:\/\/refugisiurana.cec.cat\/wp-content\/uploads\/2022\/09\/la-cuina-refugi-siurana.png&#8221; alt=&#8221;Refugi Siurana&#8221; title_text=&#8221;la-cuina-refugi-siurana&#8221; align_tablet=&#8221;center&#8221; align_phone=&#8221;center&#8221; align_last_edited=&#8221;on|phone&#8221; _builder_version=&#8221;4.18.0&#8243; _module_preset=&#8221;default&#8221; min_height_tablet=&#8221;&#8221; min_height_phone=&#8221;&#8221; min_height_last_edited=&#8221;on|phone&#8221; height=&#8221;60px&#8221; custom_margin=&#8221;||9px|||&#8221; global_colors_info=&#8221;{}&#8221;][\/et_pb_image][et_pb_text _builder_version=&#8221;4.18.0&#8243; _module_preset=&#8221;default&#8221; header_font=&#8221;|600|||||||&#8221; header_font_size=&#8221;57px&#8221; header_letter_spacing=&#8221;-1px&#8221; custom_margin_tablet=&#8221;20px||||false|false&#8221; custom_margin_phone=&#8221;15px||||false|false&#8221; custom_margin_last_edited=&#8221;on|desktop&#8221; header_text_align_tablet=&#8221;center&#8221; header_text_align_phone=&#8221;center&#8221; header_text_align_last_edited=&#8221;on|tablet&#8221; header_font_size_tablet=&#8221;52px&#8221; header_font_size_phone=&#8221;34px&#8221; header_font_size_last_edited=&#8221;on|phone&#8221; global_colors_info=&#8221;{}&#8221;]<\/p>\n<h1>Kitchen<\/h1>\n<p>[\/et_pb_text][\/et_pb_column][\/et_pb_row][\/et_pb_section][et_pb_section fb_built=&#8221;1&#8243; _builder_version=&#8221;4.18.0&#8243; _module_preset=&#8221;default&#8221; background_color=&#8221;#FFFFFF&#8221; width=&#8221;100%&#8221; max_width=&#8221;100%&#8221; custom_margin=&#8221;0px||0px||false|false&#8221; custom_padding=&#8221;0px||0px||false|false&#8221; global_colors_info=&#8221;{}&#8221;][et_pb_row column_structure=&#8221;2_5,3_5&#8243; use_custom_gutter=&#8221;on&#8221; gutter_width=&#8221;1&#8243; make_equal=&#8221;on&#8221; _builder_version=&#8221;4.18.0&#8243; _module_preset=&#8221;default&#8221; width=&#8221;100%&#8221; max_width=&#8221;100%&#8221; custom_margin=&#8221;0px||0px||false|false&#8221; custom_padding=&#8221;0px||0px||false|false&#8221; global_colors_info=&#8221;{}&#8221;][et_pb_column type=&#8221;2_5&#8243; _builder_version=&#8221;4.18.0&#8243; _module_preset=&#8221;default&#8221; custom_padding=&#8221;|100px||125px|false|false&#8221; custom_padding_tablet=&#8221;|70px||70px|false|false&#8221; custom_padding_phone=&#8221;|40px||40px|false|true&#8221; custom_padding_last_edited=&#8221;on|phone&#8221; custom_css_main_element=&#8221;display: flex;||flex-direction: column;||justify-content: center;&#8221; global_colors_info=&#8221;{}&#8221;][et_pb_text _builder_version=&#8221;4.18.0&#8243; _module_preset=&#8221;default&#8221; text_font=&#8221;|300|||||||&#8221; text_font_size=&#8221;15px&#8221; text_line_height=&#8221;1.8em&#8221; header_2_font=&#8221;|600|||||||&#8221; header_2_font_size=&#8221;34px&#8221; header_2_line_height=&#8221;1.3em&#8221; custom_margin=&#8221;70px||15px||false|false&#8221; custom_margin_tablet=&#8221;70px||15px||false|false&#8221; custom_margin_phone=&#8221;40px||15px||false|false&#8221; custom_margin_last_edited=&#8221;on|phone&#8221; header_2_font_size_tablet=&#8221;34px&#8221; header_2_font_size_phone=&#8221;30px&#8221; header_2_font_size_last_edited=&#8221;on|tablet&#8221; border_width_bottom=&#8221;1px&#8221; border_color_bottom=&#8221;#56564c&#8221; global_colors_info=&#8221;{}&#8221;]<\/p>\n<h2>What can we find?<\/h2>\n<p>[\/et_pb_text][et_pb_text _builder_version=&#8221;4.18.0&#8243; _module_preset=&#8221;default&#8221; text_font=&#8221;|300|||||||&#8221; text_font_size=&#8221;15px&#8221; text_line_height=&#8221;1.8em&#8221; custom_margin=&#8221;15px||30px||false|false&#8221; custom_margin_tablet=&#8221;15px||23px||false|false&#8221; custom_margin_phone=&#8221;26px||26px||true|false&#8221; custom_margin_last_edited=&#8221;on|phone&#8221; hover_enabled=&#8221;0&#8243; global_colors_info=&#8221;{}&#8221; sticky_enabled=&#8221;0&#8243;]<\/p>\n<p>With special care and love in the kitchen, we work with local and km.0 products. We want our clients, in addition to knowing our mountains, to also know what is cooked in the surrounding towns, that is why we try to provide ourselves with all the products that are made. in an artisanal way in our area: the Tarragona countryside.<\/p>\n<p>&nbsp;<\/p>\n<p>You will also find a careful <strong>selection of wines <\/strong>from the grapes that are grown in the surrounding rugged mountains and that make up the <strong>Priorat Qualified Designation.<\/strong><\/p>\n<p>[\/et_pb_text][et_pb_button button_url=&#8221;#&#8221; button_text=&#8221;Online menu&#8221; _builder_version=&#8221;4.18.0&#8243; _module_preset=&#8221;default&#8221; custom_button=&#8221;on&#8221; button_text_size=&#8221;15px&#8221; button_text_color=&#8221;#FFFFFF&#8221; button_bg_color=&#8221;#009772&#8243; button_border_radius=&#8221;100px&#8221; custom_margin=&#8221;||70px||false|false&#8221; custom_margin_tablet=&#8221;||70px||false|false&#8221; custom_margin_phone=&#8221;||40px||false|false&#8221; custom_margin_last_edited=&#8221;on|desktop&#8221; hover_enabled=&#8221;0&#8243; button_text_size_tablet=&#8221;15px&#8221; button_text_size_phone=&#8221;13px&#8221; button_text_size_last_edited=&#8221;on|phone&#8221; global_colors_info=&#8221;{}&#8221; sticky_enabled=&#8221;0&#8243;][\/et_pb_button][\/et_pb_column][et_pb_column type=&#8221;3_5&#8243; _builder_version=&#8221;4.18.0&#8243; _module_preset=&#8221;default&#8221; global_colors_info=&#8221;{}&#8221;][et_pb_image src=&#8221;https:\/\/refugisiurana.cec.cat\/wp-content\/uploads\/2022\/09\/cuina-refugi-de-siurana.jpg&#8221; alt=&#8221;Cuina Refugi de Siurana&#8221; title_text=&#8221;cuina-refugi-de-siurana&#8221; force_fullwidth=&#8221;on&#8221; _builder_version=&#8221;4.18.0&#8243; _module_preset=&#8221;default&#8221; positioning=&#8221;relative&#8221; position_origin_f=&#8221;top_right&#8221; position_origin_r=&#8221;top_right&#8221; global_colors_info=&#8221;{}&#8221;][\/et_pb_image][\/et_pb_column][\/et_pb_row][\/et_pb_section][et_pb_section fb_built=&#8221;1&#8243; _builder_version=&#8221;4.18.0&#8243; _module_preset=&#8221;default&#8221; background_color=&#8221;#fcf9f1&#8243; custom_margin=&#8221;0px||0px||false|false&#8221; custom_padding=&#8221;0px||0px||false|false&#8221; background_color_phone=&#8221;#fbf6ea&#8221; background_last_edited=&#8221;on|phone&#8221; background_enable_color_phone=&#8221;on&#8221; global_colors_info=&#8221;{}&#8221;][et_pb_row column_structure=&#8221;2_3,1_3&#8243; use_custom_gutter=&#8221;on&#8221; gutter_width=&#8221;4&#8243; make_equal=&#8221;on&#8221; custom_padding_last_edited=&#8221;on|phone&#8221; _builder_version=&#8221;4.18.0&#8243; _module_preset=&#8221;default&#8221; width=&#8221;100%&#8221; max_width=&#8221;100%&#8221; custom_margin=&#8221;0px||0px||false|false&#8221; custom_padding=&#8221;150px|125px|150px|125px|true|true&#8221; custom_padding_tablet=&#8221;70px|70px|70px|70px|true|true&#8221; custom_padding_phone=&#8221;80px|40px|80px|40px|true|true&#8221; global_colors_info=&#8221;{}&#8221;][et_pb_column type=&#8221;2_3&#8243; _builder_version=&#8221;4.18.0&#8243; _module_preset=&#8221;default&#8221; custom_padding=&#8221;||||false|false&#8221; custom_padding_tablet=&#8221;||||false|false&#8221; custom_padding_phone=&#8221;|0px||0px|false|true&#8221; custom_padding_last_edited=&#8221;on|tablet&#8221; custom_css_main_element=&#8221;display: flex;||flex-direction: column;||justify-content: center;&#8221; global_colors_info=&#8221;{}&#8221;][et_pb_image src=&#8221;https:\/\/refugisiurana.cec.cat\/wp-content\/uploads\/2022\/09\/terrassa-refugi-de-siurana.jpg&#8221; alt=&#8221;Terrassa de Refugi de Siurana&#8221; title_text=&#8221;terrassa-refugi-de-siurana&#8221; force_fullwidth=&#8221;on&#8221; _builder_version=&#8221;4.18.0&#8243; _module_preset=&#8221;default&#8221; position_origin_a=&#8221;top_center&#8221; min_height_tablet=&#8221;&#8221; min_height_phone=&#8221;&#8221; min_height_last_edited=&#8221;on|tablet&#8221; custom_margin_tablet=&#8221;&#8221; custom_margin_phone=&#8221;&#8221; custom_margin_last_edited=&#8221;on|desktop&#8221; custom_padding_tablet=&#8221;&#8221; custom_padding_phone=&#8221;&#8221; custom_padding_last_edited=&#8221;on|phone&#8221; global_colors_info=&#8221;{}&#8221;][\/et_pb_image][\/et_pb_column][et_pb_column type=&#8221;1_3&#8243; _builder_version=&#8221;4.18.0&#8243; _module_preset=&#8221;default&#8221; custom_padding=&#8221;||||false|false&#8221; custom_padding_tablet=&#8221;||||false|true&#8221; custom_padding_phone=&#8221;||||false|true&#8221; custom_padding_last_edited=&#8221;on|phone&#8221; custom_css_main_element=&#8221;display: flex;||flex-direction: column;||justify-content: center;&#8221; global_colors_info=&#8221;{}&#8221;][et_pb_text _builder_version=&#8221;4.18.0&#8243; _module_preset=&#8221;default&#8221; text_font=&#8221;|300|||||||&#8221; text_font_size=&#8221;15px&#8221; text_line_height=&#8221;2em&#8221; custom_margin=&#8221;15px||||false|false&#8221; custom_margin_tablet=&#8221;15px||||false|false&#8221; custom_margin_phone=&#8221;15px||20px||false|false&#8221; custom_margin_last_edited=&#8221;on|phone&#8221; global_colors_info=&#8221;{}&#8221;]<\/p>\n<p>Behind the bar you will find Marc, \u00c0lex and their team who will invite us to enjoy a fantastic time either <strong>inside the shelter carved into the rock <\/strong>, or on the <strong>impressive panoramic terrace <\/strong>.<\/p>\n<p>[\/et_pb_text][\/et_pb_column][\/et_pb_row][\/et_pb_section]<\/p>\n","protected":false},"excerpt":{"rendered":"<p>KitchenWhat can we find?With special care and love in the kitchen, we work with local and km.0 products. We want our clients, in addition to knowing our mountains, to also know what is cooked in the surrounding towns, that is why we try to provide ourselves with all the products that are made. in an [&hellip;]<\/p>\n","protected":false},"author":1,"featured_media":0,"parent":0,"menu_order":0,"comment_status":"closed","ping_status":"closed","template":"","meta":{"_et_pb_use_builder":"on","_et_pb_old_content":"[et_pb_section fb_built=\"1\" custom_padding_last_edited=\"on|phone\" _builder_version=\"4.18.0\" _module_preset=\"default\" background_color=\"#fcf9f1\" custom_padding=\"70px||0px||false|false\" custom_padding_tablet=\"0px||||false|false\" custom_padding_phone=\"0px||||false|false\" background_color_phone=\"#fbf6ea\" background_last_edited=\"on|phone\" background_enable_color_phone=\"on\" global_colors_info=\"{}\"][et_pb_row custom_padding_last_edited=\"on|tablet\" _builder_version=\"4.18.0\" _module_preset=\"default\" width=\"100%\" max_width=\"100%\" custom_padding=\"||20px||false|false\" custom_padding_tablet=\"||20px||false|false\" custom_padding_phone=\"||13px||false|false\" global_colors_info=\"{}\"][et_pb_column type=\"4_4\" _builder_version=\"4.18.0\" _module_preset=\"default\" custom_padding=\"|||125px|false|false\" custom_padding_tablet=\"|0px||0px|false|false\" custom_padding_phone=\"|0px|||false|false\" custom_padding_last_edited=\"on|desktop\" global_colors_info=\"{}\"][et_pb_image src=\"https:\/\/refugisiurana.cec.cat\/wp-content\/uploads\/2022\/09\/la-cuina-refugi-siurana.png\" alt=\"Refugi Siurana\" title_text=\"la-cuina-refugi-siurana\" align_tablet=\"center\" align_phone=\"center\" align_last_edited=\"on|phone\" _builder_version=\"4.18.0\" _module_preset=\"default\" min_height_tablet=\"\" min_height_phone=\"\" min_height_last_edited=\"on|phone\" height=\"60px\" custom_margin=\"||9px|||\" global_colors_info=\"{}\"][\/et_pb_image][et_pb_text _builder_version=\"4.18.0\" _module_preset=\"default\" header_font=\"|600|||||||\" header_font_size=\"57px\" header_letter_spacing=\"-1px\" custom_margin_tablet=\"20px||||false|false\" custom_margin_phone=\"15px||||false|false\" custom_margin_last_edited=\"on|desktop\" header_text_align_tablet=\"center\" header_text_align_phone=\"center\" header_text_align_last_edited=\"on|tablet\" header_font_size_tablet=\"52px\" header_font_size_phone=\"34px\" header_font_size_last_edited=\"on|phone\" global_colors_info=\"{}\"]\n<h1>Cuina<\/h1>\n[\/et_pb_text][\/et_pb_column][\/et_pb_row][\/et_pb_section][et_pb_section fb_built=\"1\" _builder_version=\"4.18.0\" _module_preset=\"default\" background_color=\"#FFFFFF\" custom_margin=\"0px||0px||false|false\" custom_padding=\"0px||0px||false|false\" hover_enabled=\"0\" global_colors_info=\"{}\" width=\"100%\" max_width=\"100%\" sticky_enabled=\"0\"][et_pb_row column_structure=\"2_5,3_5\" use_custom_gutter=\"on\" gutter_width=\"1\" make_equal=\"on\" _builder_version=\"4.18.0\" _module_preset=\"default\" width=\"100%\" max_width=\"100%\" custom_margin=\"0px||0px||false|false\" custom_padding=\"0px||0px||false|false\" hover_enabled=\"0\" global_colors_info=\"{}\" sticky_enabled=\"0\"][et_pb_column type=\"2_5\" _builder_version=\"4.18.0\" _module_preset=\"default\" custom_padding=\"|100px||125px|false|false\" custom_padding_tablet=\"|70px||70px|false|false\" custom_padding_phone=\"|40px||40px|false|true\" custom_padding_last_edited=\"on|phone\" custom_css_main_element=\"display: flex;||flex-direction: column;||justify-content: center;\" global_colors_info=\"{}\"][et_pb_text _builder_version=\"4.18.0\" _module_preset=\"default\" text_font=\"|300|||||||\" text_font_size=\"15px\" text_line_height=\"1.8em\" header_2_font=\"|600|||||||\" header_2_font_size=\"34px\" header_2_line_height=\"1.3em\" custom_margin=\"70px||15px||false|false\" custom_margin_tablet=\"70px||15px||false|false\" custom_margin_phone=\"40px||15px||false|false\" custom_margin_last_edited=\"on|phone\" header_2_font_size_tablet=\"34px\" header_2_font_size_phone=\"30px\" header_2_font_size_last_edited=\"on|tablet\" border_width_bottom=\"1px\" border_color_bottom=\"#56564c\" global_colors_info=\"{}\"]\n<h2>Qu\u00e8 hi podrem trobar?<\/h2>\n[\/et_pb_text][et_pb_text _builder_version=\"4.18.0\" _module_preset=\"default\" text_font=\"|300|||||||\" text_font_size=\"15px\" text_line_height=\"1.8em\" custom_margin=\"15px||30px||false|false\" custom_margin_tablet=\"15px||23px||false|false\" custom_margin_phone=\"26px||26px||true|false\" custom_margin_last_edited=\"on|phone\" global_colors_info=\"{}\"]\n\nAmb especial cura i afecte <strong>a la cuina treballem amb productes de proximitat i km.0<\/strong>, volem que els clients a m\u00e9s de con\u00e8ixer les nostres muntanyes tamb\u00e9 coneguin el que es cou als pobles del voltant, per aix\u00f2 intentem proveir-nos de tots els productes que s\u2019elaboren de forma artesana a la nostra zona: el camp de Tarragona.\n\nTamb\u00e9 trobareu una acurada <strong>selecci\u00f3 de vins<\/strong> provinents del ra\u00efm que es cultiva a les escarpades muntanyes del voltant i que conforma la <strong>Denominaci\u00f3 d\u2019Origen Qualificada Priorat. <\/strong>\n\n[\/et_pb_text][et_pb_button button_url=\"#\" button_text=\"Veure la carta\" _builder_version=\"4.18.0\" _module_preset=\"default\" custom_button=\"on\" button_text_size=\"15px\" button_text_color=\"#FFFFFF\" button_bg_color=\"#009772\" button_border_radius=\"100px\" custom_margin=\"||70px||false|false\" custom_margin_tablet=\"||70px||false|false\" custom_margin_phone=\"||40px||false|false\" custom_margin_last_edited=\"on|desktop\" button_text_size_tablet=\"15px\" button_text_size_phone=\"13px\" button_text_size_last_edited=\"on|phone\" global_colors_info=\"{}\"][\/et_pb_button][\/et_pb_column][et_pb_column type=\"3_5\" _builder_version=\"4.18.0\" _module_preset=\"default\" hover_enabled=\"0\" global_colors_info=\"{}\" sticky_enabled=\"0\"][et_pb_image src=\"https:\/\/refugisiurana.cec.cat\/wp-content\/uploads\/2022\/09\/cuina-refugi-de-siurana.jpg\" alt=\"Cuina Refugi de Siurana\" title_text=\"cuina-refugi-de-siurana\" _builder_version=\"4.18.0\" _module_preset=\"default\" positioning=\"relative\" position_origin_f=\"top_right\" position_origin_r=\"top_right\" hover_enabled=\"0\" global_colors_info=\"{}\" force_fullwidth=\"on\" sticky_enabled=\"0\"][\/et_pb_image][\/et_pb_column][\/et_pb_row][\/et_pb_section][et_pb_section fb_built=\"1\" _builder_version=\"4.18.0\" _module_preset=\"default\" background_color=\"#fcf9f1\" custom_margin=\"0px||0px||false|false\" custom_padding=\"0px||0px||false|false\" background_color_phone=\"#fbf6ea\" background_last_edited=\"on|phone\" background_enable_color_phone=\"on\" global_colors_info=\"{}\"][et_pb_row column_structure=\"2_3,1_3\" use_custom_gutter=\"on\" gutter_width=\"4\" make_equal=\"on\" custom_padding_last_edited=\"on|phone\" _builder_version=\"4.18.0\" _module_preset=\"default\" width=\"100%\" max_width=\"100%\" custom_margin=\"0px||0px||false|false\" custom_padding=\"150px|125px|150px|125px|true|true\" custom_padding_tablet=\"70px|70px|70px|70px|true|true\" custom_padding_phone=\"80px|40px|80px|40px|true|true\" global_colors_info=\"{}\"][et_pb_column type=\"2_3\" _builder_version=\"4.18.0\" _module_preset=\"default\" custom_padding=\"||||false|false\" custom_padding_tablet=\"||||false|false\" custom_padding_phone=\"|0px||0px|false|true\" custom_padding_last_edited=\"on|tablet\" custom_css_main_element=\"display: flex;||flex-direction: column;||justify-content: center;\" global_colors_info=\"{}\"][et_pb_image src=\"https:\/\/refugisiurana.cec.cat\/wp-content\/uploads\/2022\/09\/terrassa-refugi-de-siurana.jpg\" alt=\"Terrassa de Refugi de Siurana\" title_text=\"terrassa-refugi-de-siurana\" force_fullwidth=\"on\" _builder_version=\"4.18.0\" _module_preset=\"default\" position_origin_a=\"top_center\" min_height_tablet=\"\" min_height_phone=\"\" min_height_last_edited=\"on|tablet\" custom_margin_tablet=\"\" custom_margin_phone=\"\" custom_margin_last_edited=\"on|desktop\" custom_padding_tablet=\"\" custom_padding_phone=\"\" custom_padding_last_edited=\"on|phone\" global_colors_info=\"{}\"][\/et_pb_image][\/et_pb_column][et_pb_column type=\"1_3\" _builder_version=\"4.18.0\" _module_preset=\"default\" custom_padding=\"||||false|false\" custom_padding_tablet=\"||||false|true\" custom_padding_phone=\"||||false|true\" custom_padding_last_edited=\"on|phone\" custom_css_main_element=\"display: flex;||flex-direction: column;||justify-content: center;\" global_colors_info=\"{}\"][et_pb_text _builder_version=\"4.18.0\" _module_preset=\"default\" text_font=\"|300|||||||\" text_font_size=\"15px\" text_line_height=\"2em\" custom_margin=\"15px||||false|false\" custom_margin_tablet=\"15px||||false|false\" custom_margin_phone=\"15px||20px||false|false\" custom_margin_last_edited=\"on|phone\" global_colors_info=\"{}\"]\n\nDarrere la barra trobareu el Marc, l\u2019\u00c0lex i el seu equip que ens convidaran a gaudir d\u2019una fant\u00e0stica estona ja sigui a <strong>l\u2019interior del refugi excavat a la roca<\/strong>, o b\u00e9 a la <strong>impressionant terrassa panor\u00e0mica<\/strong>.\n\n[\/et_pb_text][\/et_pb_column][\/et_pb_row][\/et_pb_section]","_et_gb_content_width":"","footnotes":""},"class_list":["post-483","page","type-page","status-publish","hentry"],"_links":{"self":[{"href":"https:\/\/refugisiurana.cec.cat\/en\/wp-json\/wp\/v2\/pages\/483","targetHints":{"allow":["GET"]}}],"collection":[{"href":"https:\/\/refugisiurana.cec.cat\/en\/wp-json\/wp\/v2\/pages"}],"about":[{"href":"https:\/\/refugisiurana.cec.cat\/en\/wp-json\/wp\/v2\/types\/page"}],"author":[{"embeddable":true,"href":"https:\/\/refugisiurana.cec.cat\/en\/wp-json\/wp\/v2\/users\/1"}],"replies":[{"embeddable":true,"href":"https:\/\/refugisiurana.cec.cat\/en\/wp-json\/wp\/v2\/comments?post=483"}],"version-history":[{"count":5,"href":"https:\/\/refugisiurana.cec.cat\/en\/wp-json\/wp\/v2\/pages\/483\/revisions"}],"predecessor-version":[{"id":558,"href":"https:\/\/refugisiurana.cec.cat\/en\/wp-json\/wp\/v2\/pages\/483\/revisions\/558"}],"wp:attachment":[{"href":"https:\/\/refugisiurana.cec.cat\/en\/wp-json\/wp\/v2\/media?parent=483"}],"curies":[{"name":"wp","href":"https:\/\/api.w.org\/{rel}","templated":true}]}}